{"id":15,"date":"2017-12-04T13:41:59","date_gmt":"2017-12-04T12:41:59","guid":{"rendered":"https:\/\/www.steinergut.at\/?page_id=15"},"modified":"2025-10-15T22:30:03","modified_gmt":"2025-10-15T20:30:03","slug":"preisliste","status":"publish","type":"page","link":"https:\/\/www.steinergut.at\/en\/preisliste\/","title":{"rendered":"Pricelist"},"content":{"rendered":"<table style=\"width: 850px; height: 540px;\">\n<tbody>\n<tr style=\"height: 28px;\">\n<td style=\"height: 28px; width: 24%;\"><\/td>\n<td style=\"height: 28px; width: 26%;\">\n<h2>\u00a0G\u00fctl<\/h2>\n<\/td>\n<td style=\"height: 28px; width: 20%;\"><\/td>\n<td style=\"height: 28px; width: 30%;\" colspan=\"2\">\n<h2>\u00a0Stammhaus<\/h2>\n<\/td>\n<\/tr>\n<tr style=\"height: 23px;\">\n<td style=\"height: 23px; width: 24%;\"><strong>2025<\/strong><\/td>\n<td style=\"height: 23px; width: 12%;\">bis 15 Personen<\/td>\n<td style=\"height: 23px; width: 12%;\">Mindestmiete<\/td>\n<td style=\"height: 23px; width: 26%;\">bis 17Personen<\/td>\n<td style=\"width: 26%;\">Mindestmiete<\/td>\n<\/tr>\n<tr style=\"height: 30px;\">\n<td style=\"height: 30px; width: 24%;\"><\/td>\n<td style=\"height: 30px; width: 12%;\">Preis pro Nacht<\/td>\n<td style=\"height: 30px; width: 12%;\"><\/td>\n<td style=\"height: 30px; width: 26%;\">Preis pro Nacht<\/td>\n<td><\/td>\n<\/tr>\n<tr style=\"height: 30px;\">\n<td style=\"height: 30px; width: 24%;\">01.09. \u2013 21.12.25<\/td>\n<td style=\"height: 30px; width: 12%;\">\u20ac 360<\/td>\n<td style=\"height: 30px; width: 12%;\">3 N\u00e4chte<\/td>\n<td style=\"height: 30px; width: 26%;\">\u20ac 310<\/td>\n<td style=\"width: 26%;\">3 N\u00e4chte<\/td>\n<\/tr>\n<tr style=\"height: 30px;\">\n<td style=\"height: 30px; width: 24%;\">21.12. \u2013 07.01.26<\/td>\n<td style=\"height: 30px; width: 12%;\">\u20ac 445<\/td>\n<td style=\"height: 30px; width: 12%;\">7 N\u00e4chte<\/td>\n<td style=\"height: 30px; width: 26%;\">\u20ac 500<\/td>\n<td style=\"width: 26%;\">7 N\u00e4chte<\/td>\n<\/tr>\n<tr>\n<td style=\"width: 24%;\"><strong>2026<br \/>\n<\/strong><\/td>\n<td style=\"width: 12%;\"><\/td>\n<td style=\"width: 24%;\"><\/td>\n<td style=\"width: 12%;\"><\/td>\n<td style=\"width: 26%;\"><\/td>\n<\/tr>\n<tr>\n<td style=\"width: 24%;\">07.01. \u2013 31.01.26<\/td>\n<td style=\"width: 12%;\">\u20ac 312<\/td>\n<td style=\"width: 12%;\">3 N\u00e4chte<\/td>\n<td style=\"width: 26%;\">\u20ac 340<\/td>\n<td style=\"width: 26%;\">4 N\u00e4chte<\/td>\n<\/tr>\n<tr>\n<td style=\"width: 24%;\">01.02. \u2013 28.03.26<\/td>\n<td style=\"width: 12%;\">\u20ac 395<\/td>\n<td style=\"width: 12%;\">5 N\u00e4chte<\/td>\n<td style=\"width: 26%;\">\u20ac 457<\/td>\n<td style=\"width: 26%;\">5 N\u00e4chte<\/td>\n<\/tr>\n<tr>\n<td style=\"width: 24%;\">29.03. \u2013 27.06.26<\/td>\n<td style=\"width: 12%;\">\u20ac 342<\/td>\n<td style=\"width: 12%;\">3 N\u00e4chte<\/td>\n<td style=\"width: 26%;\">\u20ac 320<\/td>\n<td style=\"width: 26%;\">3 N\u00e4chte<\/td>\n<\/tr>\n<tr>\n<td style=\"width: 24%;\">28.06. \u2013 31.08.26<\/td>\n<td style=\"width: 12%;\">\u20ac 375<\/td>\n<td style=\"width: 12%;\">7 N\u00e4chte<\/td>\n<td style=\"width: 26%;\">\u20ac 344<\/td>\n<td style=\"width: 26%;\">5 N\u00e4chte<\/td>\n<\/tr>\n<tr>\n<td style=\"width: 24%;\">01.09. \u2013 21.12.26<\/td>\n<td style=\"width: 12%;\">\u20ac 320<\/td>\n<td style=\"width: 12%;\">3 N\u00e4chte<\/td>\n<td style=\"width: 10%;\">\u20ac 320<\/td>\n<td style=\"width: 26%;\">3 N\u00e4chte<\/td>\n<\/tr>\n<tr>\n<td style=\"width: 24%;\">21.12. \u2013 08.01.27<\/td>\n<td style=\"width: 12%;\">\u20ac 460<\/td>\n<td style=\"width: 12%;\">7 N\u00e4chte<\/td>\n<td style=\"width: 26%;\">\u20ac 520<\/td>\n<td style=\"width: 26%;\">7 N\u00e4chte<\/td>\n<\/tr>\n<\/tbody>\n<\/table>\n<p><strong><br \/>\nNebenkosten f\u00fcr beide H\u00e4user:<\/strong><br \/>\nEndreinigung \u20ac 98,&#8211;Strom nach Verbrauch und aktuellen KW-Preis<\/p>\n<p><strong>Einmalig pro Person<\/strong>: \u00a0Bettw\u00e4sche \u20ac 6,&#8211; , Hand- und Badetuch\u00a0 \u20ac 2,&#8211;<br \/>\nSie k\u00f6nnen auch ohne der W\u00e4sche buchen, wir bitten sie dies bei der Buchung anzuf\u00fchren.<\/p>\n<p>Tourismusabgabe vom <strong>1. November\u00a0 \u2013\u00a0 30.April<\/strong> \/pro Nacht Erw. 3,&#8211; \u00a0\u00a0Kinder bis 15 Jahre frei<br \/>\nZus\u00e4tzliche Geb\u00fchr f\u00fcr Pyhrn Priel Card vom <strong>1.Mai\u00a0 \u2013 31.Oktober<\/strong> \/pro Nacht Erw. \u20ac 3,50<br \/>\nKinder bis 6 Jahre frei.<\/p>\n<p><strong>2 Tages Kurzmiete Pauschale<\/strong> in der Nebensaison f\u00fcr das Steiner G\u00fctl \u20ac 985 zzgl. Nebenkosten.<\/p>\n","protected":false},"excerpt":{"rendered":"<p>\u00a0G\u00fctl<\/p>\n<p>\u00a0Stammhaus<\/p>\n<p>2025<br \/>\nbis 15 Personen<br \/>\nMindestmiete<br \/>\nbis 17Personen<br \/>\nMindestmiete<\/p>\n<p>Preis pro Nacht<\/p>\n<p>Preis pro Nacht<\/p>\n<p>01.09. \u2013 21.12.25<br \/>\n\u20ac 360<br \/>\n3 N\u00e4chte<br \/>\n\u20ac 310<br \/>\n3 N\u00e4chte<\/p>\n<p>21.12. \u2013 07.01.26<br \/>\n\u20ac 445<br \/>\n7 N\u00e4chte<br \/>\n\u20ac 500<br \/>\n7 N\u00e4chte<\/p>\n<p>2026<\/p>\n<p>07.01. &#8230; <br \/><a class=\"more-link\" href=\"https:\/\/www.steinergut.at\/en\/preisliste\/\">weiter<\/p>\n","protected":false},"author":1,"featured_media":0,"parent":0,"menu_order":6,"comment_status":"closed","ping_status":"closed","template":"page-sidebar3.php","meta":{"footnotes":""},"class_list":["post-15","page","type-page","status-publish","hentry"],"_links":{"self":[{"href":"https:\/\/www.steinergut.at\/en\/wp-json\/wp\/v2\/pages\/15","targetHints":{"allow":["GET"]}}],"collection":[{"href":"https:\/\/www.steinergut.at\/en\/wp-json\/wp\/v2\/pages"}],"about":[{"href":"https:\/\/www.steinergut.at\/en\/wp-json\/wp\/v2\/types\/page"}],"author":[{"embeddable":true,"href":"https:\/\/www.steinergut.at\/en\/wp-json\/wp\/v2\/users\/1"}],"replies":[{"embeddable":true,"href":"https:\/\/www.steinergut.at\/en\/wp-json\/wp\/v2\/comments?post=15"}],"version-history":[{"count":146,"href":"https:\/\/www.steinergut.at\/en\/wp-json\/wp\/v2\/pages\/15\/revisions"}],"predecessor-version":[{"id":1689,"href":"https:\/\/www.steinergut.at\/en\/wp-json\/wp\/v2\/pages\/15\/revisions\/1689"}],"wp:attachment":[{"href":"https:\/\/www.steinergut.at\/en\/wp-json\/wp\/v2\/media?parent=15"}],"curies":[{"name":"wp","href":"https:\/\/api.w.org\/{rel}","templated":true}]}}